{"id":168,"date":"2021-02-28T14:43:18","date_gmt":"2021-02-28T13:43:18","guid":{"rendered":"https:\/\/eglise-orthodoxe-autocephale-syro-antiochienne.eu\/?page_id=168"},"modified":"2023-04-26T16:13:20","modified_gmt":"2023-04-26T14:13:20","slug":"constitution-de-leglise-mission-syro-antiochienne-deurope-et-missions","status":"publish","type":"page","link":"https:\/\/eglise-orthodoxe-autocephale-syro-antiochienne.eu\/?page_id=168","title":{"rendered":"CONSTITUTION DE L&rsquo;EGLISE MISSION SYRO-ANTIOCHIENNE D&rsquo;EUROPE ET MISSIONS"},"content":{"rendered":"\n<p><strong>CONSTITUTION CANONIQUE DES \u00c9GLISES SYRO-ANTIOCHIENNES ORTHODOXES D&rsquo;EUROPE ET MISSIONS .<\/strong><br>Filiation Apostolique \u0152cum\u00e9nique d\u2019Antioche, 1\u00b0 si\u00e8ge de Saint Pierre Ap\u00f4tre<br><strong>TITRE 1er. \u2014 Des offices eccl\u00e9siastiques.<\/strong><br><strong>Article 1.<\/strong> Monseigneur Dominique MAIO  EXARQUE DE FRANCE &#8211; CAMEROUN &#8211; AFRIQUE CENTRALE , Monseigneur EFREM CARMELO LIMA DOYEN, Monseigneur JACQUES-PHILIPPE  BRIGNOLA , Monseigneur MAGOIRE FOE . orthodoxe de la Succession Apostolique ALVAREZ, VILATTE, VAN ASSENDELFT, TADDEI, BALOSTRO, BORIS 1er fondateur de la MISSION ORTHODOXE POUR L\u2019UNION DES CHR\u00c9TIENS . Cette MISSION aura la m\u00eame \u00e9tendue et les m\u00eames limites d\u2019 un dioc\u00e8se.<br><strong>Art. 2.<\/strong> Les si\u00e8ges des communaut\u00e9s et paroisses seront fix\u00e9s suivent les noms des villes o\u00f9 les communaut\u00e9s seront \u00e9tablies. Tous les autres communaut\u00e9s ou paroisses existant dans le monde, et qui ne sont pas nomm\u00e9ment comprises dans cette juridiction territoriale, sont et demeurent non canoniques.<br><strong>Art. 3.<\/strong> Il est d\u00e9fendu \u00e0 toutes \u00e9glises ou paroisses , et \u00e0 tout citoyen, de reconna\u00eetre en aucun cas, sous quelque pr\u00e9texte que ce soit, l\u2019autorit\u00e9 d\u2019un \u00e9v\u00eaque ordinaire ou m\u00e9tropolitain dont le si\u00e8ge serait \u00e9tabli sous la d\u00e9nomination d\u2019une \u00e9glise qui pr\u00e9tend d\u2019avoir la m\u00eame succession apostolique , ni celle de ses d\u00e9l\u00e9gu\u00e9s r\u00e9sidant en Europe ou en Afrique ou ailleurs : le tout sans pr\u00e9judice de l\u2019unit\u00e9 de foi et de communion qui sera<br>entretenue avec les sup\u00e9rieurs de l\u2019\u00c9glise Catholique, Apostolique, Primitive d\u2019Antioche fond\u00e9e en France en 1957 avec l\u2019\u00e9lection de Sa B\u00e9atitude Johannes Marie Blom Van Assendelft comme premier Patriarche.<br><strong>Art. 4.<\/strong> Il sera proc\u00e9d\u00e9 incessamment, et sur l\u2019avis de l\u2019\u00e9v\u00eaque dioc\u00e9sain et de l\u2019administration des districts, \u00e0 une nouvelle formation et circonscription de toutes les paroisses dans le monde : le nombre et l\u2019\u00e9tendue en seront d\u00e9termin\u00e9s d\u2019apr\u00e8s les r\u00e8gles qui vont \u00eatre \u00e9tablies.<br><strong>Art. 5.<\/strong> Les \u00e9glises cath\u00e9drales des Eglises Syro-Antiochiennes Orthodoxes dans le monde est report\u00e9e \u00e0 son \u00e9tat primitif, d\u2019\u00eatre en m\u00eame temps \u00e9glises paroissiales et \u00e9glises \u00e9piscopales.<br><strong>Art. 6.<\/strong> Les paroisses \u00e9piscopales n\u2019auront pas d\u2019autre pasteur imm\u00e9diat que l\u2019\u00e9v\u00eaque. Tous les pr\u00eatres qui y seront \u00e9tablis seront ses vicaires et en feront les fonctions.<br><strong>Art. 7.<\/strong> Il sera conserv\u00e9 ou \u00e9tabli dans cette nouvelle mission un seul s\u00e9minaire pour la pr\u00e9paration aux ordres, sans entendre rien pr\u00e9juger, quant \u00e0 pr\u00e9sent, sur les autres maisons d\u2019instruction et d\u2019\u00e9ducation qui seront constitu\u00e9es selon les besoins canoniques.<br><strong>Art. 8.<\/strong> Le s\u00e9minaire sera \u00e9tabli, autant que faire se pourra, pr\u00e8s de l\u2019\u00e9glise cath\u00e9drale, et m\u00eame dans l\u2019enceinte des b\u00e2timents destin\u00e9s \u00e0 l\u2019habitation de l\u2019\u00e9v\u00eaque.<br><strong>Art. 9.<\/strong> Pour la conduite et l\u2019instruction des jeunes \u00e9l\u00e8ves re\u00e7us dans le s\u00e9minaire il y aura un vicaire sup\u00e9rieur et trois vicaires directeurs subordonn\u00e9s \u00e0 l\u2019\u00e9v\u00eaque.<br><strong>Art.10.<\/strong> Les vicaires sup\u00e9rieurs et vicaires directeurs sont tenus d\u2019assister, avec les jeunes eccl\u00e9siastiques du s\u00e9minaire, \u00e0 tous les offices de la paroisse cath\u00e9drale, et d\u2019y faire toutes les fonctions dont l\u2019\u00e9v\u00eaque ou son premier vicaire jugera \u00e0 propos de les charger.<br><strong>Art.11.<\/strong> Les vicaires de l\u2019\u00c9glise cath\u00e9drale, les vicaires sup\u00e9rieurs et vicaires directeurs du s\u00e9minaire, forment ensemble le conseil habituel et permanent de l\u2019\u00e9v\u00eaque, qui ne pourra faire aucun acte de juridiction, en ce qui concerne le gouvernement du dioc\u00e8se et du s\u00e9minaire, qu\u2019apr\u00e8s en avoir d\u00e9lib\u00e9r\u00e9 avec eux ; pourra n\u00e9anmoins l\u2019\u00e9v\u00eaque, dans le cours<br>de ses visites, rendre seul telles ordonnances provisoires qu\u2019il appartiendra.<br><strong>Art.12. <\/strong>Dans toutes les villes et bourgs qui ne se trouvent pas notre pr\u00e9sence, il n\u2019y aura qu\u2019une seule paroisse ; les autres paroisses qui seront fond\u00e9e seront r\u00e9unies \u00e0 l\u2019\u00c9glise principale.<br><strong>Art.13.<\/strong> Les assembl\u00e9es administratives, de concert avec l\u2019\u00e9v\u00eaque dioc\u00e9sain, d\u00e9signent \u00e0 la prochaine l\u00e9gislature les paroisses, annexes ou succursales des villes ou de campagne qu\u2019il conviendra de r\u00e9server ou d\u2019\u00e9tendre, d\u2019\u00e9tablir ou de supprimer, et ils en indiqueront les arrondissements d\u2019apr\u00e8s ce que demanderont les besoins des peuples, la dignit\u00e9 du culte et les diff\u00e9rentes localit\u00e9s.<br><strong>Art.14.<\/strong> Les assembl\u00e9es administratives et l\u2019\u00e9v\u00eaque dioc\u00e9sain pourront m\u00eame, apr\u00e8s avoir arr\u00eat\u00e9 entre eux la suppression et r\u00e9union d\u2019une paroisse, convenir que dans les lieux \u00e9cart\u00e9s, ou qui pendant une partie de l\u2019ann\u00e9e ne communiqueront que difficilement avec l\u2019\u00e9glise paroissiale, il sera \u00e9tabli ou conserv\u00e9 une chapelle o\u00f9 le cur\u00e9 enverra, les jours de<br>f\u00eate ou de dimanche, un vicaire pour y c\u00e9l\u00e9brer la Divine Liturgie et faire au peuple les instructions n\u00e9cessaires.<br><strong>Art.15.<\/strong> La r\u00e9union qui pourra se faire d\u2019une paroisse \u00e0 une autre emportera toujours la r\u00e9union des biens de la fabrique de l\u2019\u00e9glise supprim\u00e9e \u00e0 la fabrique de l\u2019\u00e9glise o\u00f9 se fera la r\u00e9union.<br><strong>Art. 16.<\/strong> Sont pareillement compris aux dites dispositions tous titres et fondations de pleine collation la\u00efcale, except\u00e9 les chapelles actuellement desservies dans l\u2019enceinte des maisons particuli\u00e8res ; par un chapelain ou desservant \u00e0 la seule disposition du propri\u00e9taire.<br><strong>Art. 17.<\/strong> Le contenu dans les articles pr\u00e9c\u00e9dents aura lieu, nonobstant toutes clauses, m\u00eame de r\u00e9version, appos\u00e9s dans les actes de fondation.<br><strong>TITRE II. \u2014 Nomination aux b\u00e9n\u00e9fices.<\/strong><br><strong>Art. 1er.<\/strong> \u00c0 compter du jour de la publication du pr\u00e9sent d\u00e9cret, on ne conna\u00eetra qu\u2019une seule mani\u00e8re de pourvoir aux \u00e9v\u00each\u00e9s et aux cur\u00e9s, c\u2019est \u00e0 savoir, la forme des \u00e9lections.<br><strong>Art. 2.<\/strong> Toutes les \u00e9lections se feront par la voie du scrutin et \u00e0 la pluralit\u00e9 absolue des suffrages.<br><strong>Art. 3. <\/strong>L\u2019\u00e9lection des \u00e9v\u00eaques se fera dans la forme prescrite et par le corps \u00e9lectoral indiqu\u00e9, dans le d\u00e9cret du 15 d\u00e9cembre 1957 sign\u00e9 par Monseigneur Giovanni Maria TADDEI, pour la nomination des membres de l\u2019assembl\u00e9e des Eglises Syro-Antiochiennes Orthodoxe d\u2019Europe et Missions ( FRANCE ).<br><strong>Art. 4.<\/strong> Sur la premi\u00e8re nouvelle que le vicaire g\u00e9n\u00e9ral syndic du Dioc\u00e8se recevra de la vacance du si\u00e8ge \u00e9piscopal, par mort, d\u00e9mission ou autrement, il en donnera avis aux procureurs-syndics des districts, \u00e0 l\u2019effet par eux de convoquer les \u00e9lecteurs qui auront proc\u00e9d\u00e9 \u00e0 la derni\u00e8re nomination des membres de l\u2019assembl\u00e9e administrative, et en m\u00eame temps il indiquera le jour o\u00f9 devra se faire l\u2019\u00e9lection de l\u2019\u00e9v\u00eaque, lequel sera, au<br>plus tard, le troisi\u00e8me dimanche apr\u00e8s la lettre d\u2019avis qu\u2019il \u00e9crira.<br><strong>Art. 5.<\/strong> Si la vacance du si\u00e8ge \u00e9piscopal arrivait dans les quatre derniers mois de l\u2019ann\u00e9e o\u00f9 doit se faire l\u2019\u00e9lection des membres de l\u2019administration du Dioc\u00e8se, l\u2019\u00e9lection de l\u2019\u00e9v\u00eaque serait diff\u00e9r\u00e9e et renvoy\u00e9e \u00e0 la prochaine assembl\u00e9e des \u00e9lecteurs.<br><strong>Art. 6.<\/strong> L\u2019\u00e9lection de l\u2019\u00e9v\u00eaque ne pourra se faire o\u00f9 \u00eatre commenc\u00e9e qu\u2019un jour de dimanche, dans l\u2019\u00e9glise principale du chef-lieu du Dioc\u00e8se, \u00e0 l\u2019issue de la messe ( liturgie) paroissiale, \u00e0 laquelle seront tenus d\u2019assister tous les \u00e9lecteurs.<br><strong>Art. 7.<\/strong> Pour \u00eatre \u00e9ligible \u00e0 un \u00e9v\u00each\u00e9, il sera n\u00e9cessaire d\u2019avoir rempli, au moins pendant sept ans, les fonctions du minist\u00e8re eccl\u00e9siastique dans le dioc\u00e8se, en qualit\u00e9 de cur\u00e9, de desservant ou de vicaire, ou comme vicaire sup\u00e9rieur, ou comme vicaire directeur du s\u00e9minaire.<br><strong>Art. 8.<\/strong> Les cur\u00e9s et autres eccl\u00e9siastiques qui par l\u2019effet de la nouvelle circonscription des missions et communaut\u00e9s, se trouveront dans un dioc\u00e8se diff\u00e9rent de celui o\u00f9 ils exer\u00e7aient leurs fonctions, seront r\u00e9put\u00e9s les avoir exerc\u00e9es dans leur nouveau dioc\u00e8se, et ils y seront, en cons\u00e9quence, \u00e9ligibles, pourvu qu\u2019ils aient d\u2019ailleurs le temps d\u2019exercice<br>ci-devant exig\u00e9.<br><strong>Art. 9. <\/strong>Pourront aussi \u00eatre \u00e9lus les cur\u00e9s actuels qui auraient sept ann\u00e9es d\u2019exercice dans une cure du dioc\u00e8se, encore qu\u2019ils n\u2019eussent pas auparavant rempli les fonctions de vicaire.<br><strong>Art.10. <\/strong>Les missionnaires, les vicaires g\u00e9n\u00e9raux des \u00e9v\u00eaques, les eccl\u00e9siastiques desservant les h\u00f4pitaux, ou charg\u00e9s de l\u2019\u00e9ducation publique, seront pareillement \u00e9ligibles, lorsqu\u2019ils auront rempli leurs fonctions pendant sept ans, \u00e0 compter de leur promotion au sacerdoce.<br><strong>Art.11.<\/strong> Seront pareillement \u00e9ligibles tous dignitaires, chanoines, ou en g\u00e9n\u00e9ral tous b\u00e9n\u00e9ficiaires et titulaires qui \u00e9taient oblig\u00e9s \u00e0 r\u00e9sidence, ou exer\u00e7aient des fonctions eccl\u00e9siastiques, et dont les b\u00e9n\u00e9fices, titres, offices ou emplois se trouvent supprim\u00e9s par le pr\u00e9sent d\u00e9cret, lorsqu\u2019ils auront sept ann\u00e9es d\u2019exercice compt\u00e9es comme il est dit des cur\u00e9s dans l\u2019article pr\u00e9c\u00e9dent.<br><strong>Art.12.<\/strong> La proclamation de l\u2019\u00e9lu se fera par le pr\u00e9sident de l\u2019assembl\u00e9e \u00e9lectorale dans l\u2019\u00e9glise o\u00f9 l\u2019\u00e9lection aura \u00e9t\u00e9 faite, en pr\u00e9sence du peuple et du clerg\u00e9, et avant de commencer la liturgie solennelle qui sera c\u00e9l\u00e9br\u00e9e \u00e0 cet effet.<br><strong>Art.13. <\/strong>Le proc\u00e8s-verbal de l\u2019\u00e9lection et de la proclamation sera envoy\u00e9e aux autorit\u00e9s religieuses et civiles de chaque pays par le pr\u00e9sident de l\u2019assembl\u00e9e des \u00e9lecteurs, pour donner \u00e0 eux connaissance du choix qui aura \u00e9t\u00e9 fait.<br><strong>Art.14.<\/strong> Au plus tard dans le mois qui suivra son \u00e9lection, celui qui aura \u00e9t\u00e9 \u00e9lu \u00e0 un \u00e9v\u00each\u00e9 se pr\u00e9sentera en personne \u00e0 l\u2019Exarque des \u00c9glises Syro-Antiochiennes Orthodoxes d\u2019Europe et Missions ; ou au plus ancien \u00e9v\u00eaque de la Mission, avec le proc\u00e8s-verbal d\u2019\u00e9lection et de proclamation, et il le suppliera de lui accorder la confirmation canonique.<br><strong>Art.15.<\/strong>L\u2019Exarque ou l\u2019ancien \u00e9v\u00eaque aura la facult\u00e9 d\u2019examiner l\u2019\u00e9lu, en pr\u00e9sence de son conseil, sur sa doctrine et sur ses m\u0153urs ; s\u2019il le juge capable, il lui donnera l\u2019institution canonique ; s\u2019il croit devoir la lui refuser, les causes du refus seront donn\u00e9es par \u00e9crit, sign\u00e9es par les Membres de l\u2019Assembl\u00e9e synodale .<br><strong>Art.16.<\/strong> L\u2019\u00e9v\u00eaque \u00e0 qui la confirmation sera demand\u00e9e ne pourra exiger de l\u2019\u00e9lu d\u2019autre serment, sinon qu\u2019il fait profession de la religion Catholique, Apostolique et Syro-Jacobite Antiochienne.<br><strong>Art.17.<\/strong> Le nouvel \u00e9v\u00eaque ne pourra s\u2019adresser au Patriarche de l\u2019\u00c9glise Syriaque Orthodoxe d\u2019 Antioche pour en obtenir la confirmation ; mais il lui \u00e9crira comme au chef visible de l\u2019\u00c9glise universelle, en t\u00e9moignage de l\u2019unit\u00e9 de foi et de la communion qu\u2019il doit entretenir avec lui.<br><strong>Art.18.<\/strong> La cons\u00e9cration de l\u2019\u00e9v\u00eaque ne pourra se faire que dans son \u00c9glise cath\u00e9drale un jour de dimanche, pendant la Divine Liturgie paroissiale, en pr\u00e9sence du peuple et du clerg\u00e9.<br><strong>Art.19.<\/strong> L\u2019\u00e9v\u00eaque aura la libert\u00e9 de choisir les vicaires de son \u00c9glise cath\u00e9drale dans tout le clerg\u00e9 de son dioc\u00e8se, \u00e0 la charge par lui de ne pouvoir nommer que des pr\u00eatres qui auront exerc\u00e9 des fonctions eccl\u00e9siastiques au moins pendant sept ans. Il ne pourra les<br>destituer que de l\u2019avis de son conseil, et par une d\u00e9lib\u00e9ration qui y aura \u00e9t\u00e9 prise \u00e0 la pluralit\u00e9 des voix, en connaissance de cause.<br><strong>Art.20.<\/strong> Les vicaires sup\u00e9rieurs et vicaires directeurs du s\u00e9minaire seront nomm\u00e9s par l\u2019\u00e9v\u00eaque et son conseil, et ne pourront \u00eatre destitu\u00e9s que de la m\u00eame mani\u00e8re que les vicaires de l\u2019\u00e9glise cath\u00e9drale.<br><strong>Art.21.<\/strong> L\u2019\u00e9lection des cur\u00e9s se fera dans la forme prescrite, et les \u00e9lecteurs indiqu\u00e9s dans le d\u00e9cret du 15 d\u00e9cembre 1957, pour la nomination des membres de l\u2019assembl\u00e9e administrative de paroisse ou communaut\u00e9.<br><strong>Art.22.<\/strong> L\u2019\u00e9lection des cur\u00e9s se fera par scrutins s\u00e9par\u00e9s pour chaque cure vacante.<br><strong>Art.23. <\/strong>Chaque \u00e9lecteur, avant de mettre son bulletin dans le vase du scrutin, fera serment de ne nommer que celui qu\u2019il aura choisi en son \u00e2me et conscience comme le plus digne, sans y avoir \u00e9t\u00e9 d\u00e9termin\u00e9 par dons, promesses, sollicitations ou menaces. Ce serment sera pr\u00eat\u00e9 pour l\u2019\u00e9lection des \u00e9v\u00eaques comme pour celle des cur\u00e9s.<br><strong>Art.24.<\/strong> L\u2019\u00e9lection des cur\u00e9s ne pourra se faire ou \u00eatre commenc\u00e9e qu\u2019un jour de dimanche \u00e0 l\u2019issue de la liturgie paroissiale, \u00e0 laquelle tous les \u00e9lecteurs seront tenus d\u2019assister.<br><strong>Art.25.<\/strong> La proclamation des \u00e9lus sera faite par le corps \u00e9lectoral, dans l\u2019\u00e9glise principale, avant la liturgie solennelle qui sera c\u00e9l\u00e9br\u00e9e \u00e0 cet effet et en pr\u00e9sence du peuple et du clerg\u00e9.<br>Art.26. Pour \u00eatre \u00e9ligible \u00e0 une cure, il sera n\u00e9cessaire d\u2019avoir rempli les fonctions de vicaire dans une paroisse ou dans un h\u00f4pital, ou autre maison de charit\u00e9 , au moins pendant cinq ans.<br><strong>Art.27 <\/strong>Seront pareillement \u00e9ligibles aux cures tous ceux qui ont \u00e9t\u00e9 ci-dessus d\u00e9clar\u00e9s \u00e9ligibles aux \u00e9v\u00each\u00e9s, pourvu qu\u2019ils aient aussi cinq ann\u00e9es d\u2019exercice.<br><strong>Art.28.<\/strong> Celui qui aura \u00e9t\u00e9 proclam\u00e9 \u00e9lu \u00e0 une cure se pr\u00e9sentera en personne \u00e0 l\u2019\u00e9v\u00eaque avec le proc\u00e8s-verbal de son \u00e9lection et proclamation, \u00e0 l\u2019effet d\u2019obtenir de lui l\u2019institution canonique.<br><strong>Art.29. <\/strong>L\u2019\u00e9v\u00eaque aura la facult\u00e9 d\u2019examiner l\u2019\u00e9lu, en pr\u00e9sence de son conseil, sur sa doctrine et ses m\u0153urs ; s\u2019il le juge capable, il lui donnera l\u2019institution canonique ; s\u2019il croit devoir la lui refuser, les causes du refus seront donn\u00e9es par \u00e9crit, sign\u00e9es de l\u2019\u00e9v\u00eaque et de son conseil, sauf aux parties le recours \u00e0 l\u2019Assembl\u00e9e Synodale.<br><strong>Art.30.<\/strong> En examinant l\u2019\u00e9lu qui lui demandera l\u2019institution canonique, l\u2019\u00e9v\u00eaque ne pourra exiger de lui d\u2019autre serment, sinon qu\u2019il fait profession de la religion Catholique, Apostolique, Syro-Jacobite Antiochienne.<br><strong>Art.31.<\/strong> Les cur\u00e9s \u00e9lus et institu\u00e9s pr\u00eateront le m\u00eame serment que les \u00e9v\u00eaques dans leur \u00e9glise, un jour de dimanche, avant la liturgie paroissiale, en pr\u00e9sence du peuple et du clerg\u00e9. Jusque-l\u00e0 ils ne pourront faire aucune fonction curiale.<br><strong>Art.32<\/strong>. Il y aura, tant dans l\u2019\u00e9glise cath\u00e9drale que dans chaque \u00e9glise paroissiale, un registre particulier, sur lequel il sera \u00e9crit le proc\u00e8s-verbal de la prestation du serment de l\u2019\u00e9v\u00eaque ou du cur\u00e9, et il n\u2019y aura pas d\u2019autre acte de prise de possession que ce proc\u00e8s-verbal.<br><strong>Art.33.<\/strong> Les \u00e9v\u00each\u00e9s et les cur\u00e9s seront r\u00e9put\u00e9s vacants jusqu\u2019\u00e0 ce que les \u00e9lus aient pr\u00eat\u00e9 le serment ci-dessus mentionn\u00e9.<br><strong>Art.34.<\/strong> Pendant la vacance du si\u00e8ge \u00e9piscopal, le premier, et, \u00e0 son d\u00e9faut, le second vicaire de l\u2019\u00e9glise cath\u00e9drale remplacera l\u2019\u00e9v\u00eaque, tant dans ses fonctions curiales que pour les actes de juridiction qui n\u2019exigent pas le caract\u00e8re \u00e9piscopal ; mais en tout il sera tenu de se conduire par les avis du conseil.<br><strong>Art.35.<\/strong> Pendant la vacance d\u2019une cure, l\u2019administration de la paroisse est confi\u00e9e au premier vicaire, sauf \u00e0 y \u00e9tablir un vicaire de plus si la municipalit\u00e9 le requiert ; et dans le cas o\u00f9 il n\u2019y aurait pas de vicaire dans la paroisse, il y sera \u00e9tabli un desservant par l\u2019\u00e9v\u00eaque.<br><strong>Art.36.<\/strong> Chaque cur\u00e9 aura le droit de choisir ses vicaires ; mais il ne pourra fixer son choix que sur des pr\u00eatres ordonn\u00e9s ou admis pour le dioc\u00e8se par l\u2019\u00e9v\u00eaque.<br><strong>Art.37.<\/strong> Aucun cur\u00e9 ne pourra r\u00e9voquer ses vicaires que pour des causes l\u00e9gitimes, jug\u00e9es telles par l\u2019\u00e9v\u00eaque et son conseil ;<br>Un r\u00e8glement int\u00e9rieur peut \u00eatre \u00e9tabli par le conseil d\u2019administration pour d\u00e9terminer les points non pr\u00e9vus dans les pr\u00e9sents statuts, notamment concernant l\u2019organisation et le fonctionnement de l\u2019association. Apr\u00e8s approbation par l&rsquo;assembl\u00e9e g\u00e9n\u00e9rale, le r\u00e8glement int\u00e9rieur s&rsquo;impose \u00e0 tous les membres.<br><\/p>\n\n\n\n<p><strong>TITRE III . &#8211; Aucun montant compensatoire et engage leurs responsabilit\u00e9s du fonctionnement du clerg\u00e9<\/strong>.<\/p>\n\n\n\n<p><strong>ARTICLE 1<\/strong><br>Toutes d\u00e9cisions et ordinations (cons\u00e9cration) ne peut \u00eatre prises que par notre Synode.<br>Les Tr\u00e8s R\u00e9v\u00e9rends P\u00e8res (Ev\u00eaques) ne peuvent pas faire des ordinations (cons\u00e9crations) sans l&rsquo;approbations de l&rsquo;EXARQUE. <\/p>\n\n\n\n<p><strong>ARTICLE 2<\/strong><br>Les R\u00e9v\u00e9rends P\u00e8res  s\u2019engagent dans leur responsabilit\u00e9 du fonctionnement de la Mission Orthodoxe pour l\u2019union des chr\u00e9tiens dans leur pays et n\u2019engage en aucun cas la responsabilit\u00e9 de notre Mission Orthodoxe Pour l\u2019union des chr\u00e9tiens de France et d\u2019Europe &#8211; Cameroun et Afrique.<\/p>\n\n\n\n<p><strong>ARTICLE 3<\/strong><br>Les R\u00e9v\u00e9rends P\u00e8res et les Tr\u00e8s R\u00e9v\u00e9rends P\u00e8res ne peuvent pr\u00e9tendre d\u2019aucune r\u00e9mun\u00e9ration de notre Mission Orthodoxe pour l\u2019union des chr\u00e9tiens France, d\u2018Europe &#8211; Cameroun et Afrique, ils doivent se subvenir par leurs propres moyens par un travail civil comme nous le pr\u00e9conise l\u2019Ap\u00f4tre Saint Paul,<br>Et non sur leur communaut\u00e9 religieuse.<\/p>\n\n\n\n<p><strong>ARTICLE 4<\/strong><br>Le clerg\u00e9 ne peut sans aucun accord de EXARQUE Sa B\u00e9atitude Dominique MAIO de cr\u00e9er ou fond\u00e9 toute association cultuelle.<\/p>\n\n\n\n<p><strong>ARTICLE 5<\/strong><br>Le clerg\u00e9 d\u00e9missionnaire et sous les strictes limites du DROIT CYPRIANIQUE(<em>) en usage habituel dans les Patriarcats Orthodoxes traditionnels. (<strong>) Selon les Saints Canons :Canon 12 du Premier \u0152cum\u00e9nique Constantinople I, Canon 17 et 27 de Premier Second ; Canons 7 de Gangres ; Canons 16 de Carthage ; Canon 10 du VII \u0152cum\u00e9nique de Nic\u00e9e II et Canon 19 de Sardique. (<\/strong><\/em><strong>) Le Droit dit Cyprianique a remplac\u00e9 le droit Augustinien qui faisait du pr\u00eatre un \u2018\u2019pr\u00eatre pour l\u2019\u00e9ternit\u00e9\u2019\u2019<br>(<\/strong>) Dans l\u2019\u00e9glise Catholique Romaine on parle de \u2018\u2019 r\u00e9duction \u00e0 l\u2019\u00e9tat la\u00efc\u2019\u2019<\/p>\n\n\n\n<p><br><\/p>\n","protected":false},"excerpt":{"rendered":"<p>CONSTITUTION CANONIQUE DES \u00c9GLISES SYRO-ANTIOCHIENNES ORTHODOXES D&rsquo;EUROPE ET MISSIONS .Filiation Apostolique \u0152cum\u00e9nique d\u2019Antioche, 1\u00b0 si\u00e8ge de Saint Pierre Ap\u00f4treTITRE 1er. \u2014 Des offices eccl\u00e9siastiques.Article 1. Monseigneur Dominique MAIO EXARQUE DE FRANCE &#8211; CAMEROUN &#8211; AFRIQUE CENTRALE , Monseigneur EFREM CARMELO LIMA DOYEN, Monseigneur JACQUES-PHILIPPE BRIGNOLA , Monseigneur MAGOIRE FOE . orthodoxe de la Succession Apostolique &hellip; <\/p>\n<p class=\"link-more\"><a href=\"https:\/\/eglise-orthodoxe-autocephale-syro-antiochienne.eu\/?page_id=168\" class=\"more-link\">Continuer la lecture<span class=\"screen-reader-text\"> de &laquo;&nbsp;CONSTITUTION DE L&rsquo;EGLISE MISSION SYRO-ANTIOCHIENNE D&rsquo;EUROPE ET MISSIONS&nbsp;&raquo;<\/span><\/a><\/p>\n","protected":false},"author":2,"featured_media":0,"parent":0,"menu_order":0,"comment_status":"closed","ping_status":"closed","template":"","meta":{"footnotes":""},"class_list":["post-168","page","type-page","status-publish","hentry"],"_links":{"self":[{"href":"https:\/\/eglise-orthodoxe-autocephale-syro-antiochienne.eu\/index.php?rest_route=\/wp\/v2\/pages\/168","targetHints":{"allow":["GET"]}}],"collection":[{"href":"https:\/\/eglise-orthodoxe-autocephale-syro-antiochienne.eu\/index.php?rest_route=\/wp\/v2\/pages"}],"about":[{"href":"https:\/\/eglise-orthodoxe-autocephale-syro-antiochienne.eu\/index.php?rest_route=\/wp\/v2\/types\/page"}],"author":[{"embeddable":true,"href":"https:\/\/eglise-orthodoxe-autocephale-syro-antiochienne.eu\/index.php?rest_route=\/wp\/v2\/users\/2"}],"replies":[{"embeddable":true,"href":"https:\/\/eglise-orthodoxe-autocephale-syro-antiochienne.eu\/index.php?rest_route=%2Fwp%2Fv2%2Fcomments&post=168"}],"version-history":[{"count":10,"href":"https:\/\/eglise-orthodoxe-autocephale-syro-antiochienne.eu\/index.php?rest_route=\/wp\/v2\/pages\/168\/revisions"}],"predecessor-version":[{"id":719,"href":"https:\/\/eglise-orthodoxe-autocephale-syro-antiochienne.eu\/index.php?rest_route=\/wp\/v2\/pages\/168\/revisions\/719"}],"wp:attachment":[{"href":"https:\/\/eglise-orthodoxe-autocephale-syro-antiochienne.eu\/index.php?rest_route=%2Fwp%2Fv2%2Fmedia&parent=168"}],"curies":[{"name":"wp","href":"https:\/\/api.w.org\/{rel}","templated":true}]}}